{"id":3619,"date":"2024-02-27T08:01:12","date_gmt":"2024-02-27T08:01:12","guid":{"rendered":"https:\/\/envetproject.eu\/resultados-del-proyecto\/e-learning-platform"},"modified":"2024-12-13T10:16:23","modified_gmt":"2024-12-13T10:16:23","slug":"e-learning-platform","status":"publish","type":"page","link":"https:\/\/envetproject.eu\/es\/resultados-del-proyecto\/e-learning-platform","title":{"rendered":"EQUIPAR A LOS EDUCADORES PARA EL MA\u00d1ANA: COMPETENCIAS Y M\u00c9TODOS ESENCIALES"},"content":{"rendered":"\t\t<div data-elementor-type=\"wp-page\" data-elementor-id=\"3619\" class=\"elementor elementor-3619 elementor-1667\" data-elementor-post-type=\"page\">\n\t\t\t\t<div class=\"elementor-element elementor-element-308384f e-con-full e-flex e-con e-parent\" data-id=\"308384f\" data-element_type=\"container\" data-e-type=\"container\">\n\t\t\t\t<div class=\"elementor-element elementor-element-ed91797 elementor-widget__width-initial elementor-widget elementor-widget-heading\" data-id=\"ed91797\" data-element_type=\"widget\" data-e-type=\"widget\" data-widget_type=\"heading.default\">\n\t\t\t\t<div class=\"elementor-widget-container\">\n\t\t\t\t\t<h2 class=\"elementor-heading-title elementor-size-default\">EQUIPAR A LOS EDUCADORES PARA EL MA\u00d1ANA: COMPETENCIAS Y M\u00c9TODOS ESENCIALES<\/h2>\t\t\t\t<\/div>\n\t\t\t\t<\/div>\n\t\t\t\t<div data-ep-wrapper-link=\"{&quot;url&quot;:&quot;https:\\\/\\\/envetproject.eu\\\/project-results\\\/&quot;,&quot;is_external&quot;:&quot;&quot;,&quot;nofollow&quot;:&quot;&quot;,&quot;custom_attributes&quot;:&quot;&quot;}\" style=\"cursor: pointer\" class=\"bdt-element-link elementor-element elementor-element-7403c9a elementor-fixed elementor-view-default elementor-widget elementor-widget-icon\" data-id=\"7403c9a\" data-element_type=\"widget\" data-e-type=\"widget\" data-settings=\"{&quot;_position&quot;:&quot;fixed&quot;}\" data-widget_type=\"icon.default\">\n\t\t\t\t<div class=\"elementor-widget-container\">\n\t\t\t\t\t\t\t<div class=\"elementor-icon-wrapper\">\n\t\t\t<a class=\"elementor-icon\" href=\"https:\/\/envetproject.eu\/project-results\">\n\t\t\t<i aria-hidden=\"true\" class=\"fas fa-arrow-left\"><\/i>\t\t\t<\/a>\n\t\t<\/div>\n\t\t\t\t\t\t<\/div>\n\t\t\t\t<\/div>\n\t\t\t\t<\/div>\n\t\t<div class=\"elementor-element elementor-element-46896e0 e-flex e-con-boxed e-con e-parent\" data-id=\"46896e0\" data-element_type=\"container\" data-e-type=\"container\">\n\t\t\t\t\t<div class=\"e-con-inner\">\n\t\t<div class=\"elementor-element elementor-element-cc80998 e-flex e-con-boxed e-con e-child\" data-id=\"cc80998\" data-element_type=\"container\" data-e-type=\"container\">\n\t\t\t\t\t<div class=\"e-con-inner\">\n\t\t<div data-ep-wrapper-link=\"{&quot;url&quot;:&quot;https:\\\/\\\/envetproject.eu\\\/es\\\/resultados-del-proyecto\\\/e-learning-platform\\\/module-1&quot;,&quot;is_external&quot;:&quot;&quot;,&quot;nofollow&quot;:&quot;&quot;,&quot;custom_attributes&quot;:&quot;&quot;}\" style=\"cursor: pointer\" class=\"bdt-element-link elementor-element elementor-element-8191d49 e-flex e-con-boxed elementor-invisible e-con e-child\" data-id=\"8191d49\" data-element_type=\"container\" data-e-type=\"container\" data-settings=\"{&quot;background_background&quot;:&quot;classic&quot;,&quot;animation&quot;:&quot;slideInLeft&quot;}\">\n\t\t\t\t\t<div class=\"e-con-inner\">\n\t\t\t\t<div class=\"elementor-element elementor-element-79c7768 elementor-widget elementor-widget-heading\" data-id=\"79c7768\" data-element_type=\"widget\" data-e-type=\"widget\" data-widget_type=\"heading.default\">\n\t\t\t\t<div class=\"elementor-widget-container\">\n\t\t\t\t\t<h2 class=\"elementor-heading-title elementor-size-default\">1. Oportunidades para el desarrollo profesional de los educadores de EFP<\/h2>\t\t\t\t<\/div>\n\t\t\t\t<\/div>\n\t\t\t\t\t<\/div>\n\t\t\t\t<\/div>\n\t\t<div data-ep-wrapper-link=\"{&quot;url&quot;:&quot;https:\\\/\\\/envetproject.eu\\\/es\\\/resultados-del-proyecto\\\/e-learning-platform\\\/module-2&quot;,&quot;is_external&quot;:&quot;&quot;,&quot;nofollow&quot;:&quot;&quot;,&quot;custom_attributes&quot;:&quot;&quot;}\" style=\"cursor: pointer\" class=\"bdt-element-link elementor-element elementor-element-517f15f e-flex e-con-boxed elementor-invisible e-con e-child\" data-id=\"517f15f\" data-element_type=\"container\" data-e-type=\"container\" data-settings=\"{&quot;background_background&quot;:&quot;classic&quot;,&quot;animation&quot;:&quot;zoomIn&quot;}\">\n\t\t\t\t\t<div class=\"e-con-inner\">\n\t\t\t\t<div class=\"elementor-element elementor-element-b40bca6 elementor-widget elementor-widget-heading\" data-id=\"b40bca6\" data-element_type=\"widget\" data-e-type=\"widget\" data-widget_type=\"heading.default\">\n\t\t\t\t<div class=\"elementor-widget-container\">\n\t\t\t\t\t<h2 class=\"elementor-heading-title elementor-size-default\">2. Habilidades y competencias de los educadores de EFP necesarias para la sociedad reconfigurada<\/h2>\t\t\t\t<\/div>\n\t\t\t\t<\/div>\n\t\t\t\t\t<\/div>\n\t\t\t\t<\/div>\n\t\t<div data-ep-wrapper-link=\"{&quot;url&quot;:&quot;https:\\\/\\\/envetproject.eu\\\/es\\\/resultados-del-proyecto\\\/e-learning-platform\\\/module-3&quot;,&quot;is_external&quot;:&quot;&quot;,&quot;nofollow&quot;:&quot;&quot;,&quot;custom_attributes&quot;:&quot;&quot;}\" style=\"cursor: pointer\" class=\"bdt-element-link elementor-element elementor-element-dc499e4 e-flex e-con-boxed elementor-invisible e-con e-child\" data-id=\"dc499e4\" data-element_type=\"container\" data-e-type=\"container\" data-settings=\"{&quot;background_background&quot;:&quot;classic&quot;,&quot;animation&quot;:&quot;slideInRight&quot;}\">\n\t\t\t\t\t<div class=\"e-con-inner\">\n\t\t\t\t<div class=\"elementor-element elementor-element-f412f46 elementor-widget elementor-widget-heading\" data-id=\"f412f46\" data-element_type=\"widget\" data-e-type=\"widget\" data-widget_type=\"heading.default\">\n\t\t\t\t<div class=\"elementor-widget-container\">\n\t\t\t\t\t<h2 class=\"elementor-heading-title elementor-size-default\">3. Herramientas y m\u00e9todos para la ense\u00f1anza en un entorno digital<\/h2>\t\t\t\t<\/div>\n\t\t\t\t<\/div>\n\t\t\t\t\t<\/div>\n\t\t\t\t<\/div>\n\t\t\t\t\t<\/div>\n\t\t\t\t<\/div>\n\t\t<div class=\"elementor-element elementor-element-fcd245e e-flex e-con-boxed e-con e-child\" data-id=\"fcd245e\" data-element_type=\"container\" data-e-type=\"container\">\n\t\t\t\t\t<div class=\"e-con-inner\">\n\t\t<div data-ep-wrapper-link=\"{&quot;url&quot;:&quot;https:\\\/\\\/envetproject.eu\\\/es\\\/resultados-del-proyecto\\\/e-learning-platform\\\/module-4&quot;,&quot;is_external&quot;:&quot;&quot;,&quot;nofollow&quot;:&quot;&quot;,&quot;custom_attributes&quot;:&quot;&quot;}\" style=\"cursor: pointer\" class=\"bdt-element-link elementor-element elementor-element-21bfb29 e-flex e-con-boxed elementor-invisible e-con e-child\" data-id=\"21bfb29\" data-element_type=\"container\" data-e-type=\"container\" data-settings=\"{&quot;background_background&quot;:&quot;classic&quot;,&quot;animation&quot;:&quot;slideInLeft&quot;}\">\n\t\t\t\t\t<div class=\"e-con-inner\">\n\t\t\t\t<div class=\"elementor-element elementor-element-79c22d2 elementor-widget elementor-widget-heading\" data-id=\"79c22d2\" data-element_type=\"widget\" data-e-type=\"widget\" data-widget_type=\"heading.default\">\n\t\t\t\t<div class=\"elementor-widget-container\">\n\t\t\t\t\t<h2 class=\"elementor-heading-title elementor-size-default\">4. Aprendizaje basado en el trabajo en un entorno digital<\/h2>\t\t\t\t<\/div>\n\t\t\t\t<\/div>\n\t\t\t\t\t<\/div>\n\t\t\t\t<\/div>\n\t\t<div data-ep-wrapper-link=\"{&quot;url&quot;:&quot;https:\\\/\\\/envetproject.eu\\\/es\\\/resultados-del-proyecto\\\/e-learning-platform\\\/module-5&quot;,&quot;is_external&quot;:&quot;&quot;,&quot;nofollow&quot;:&quot;&quot;,&quot;custom_attributes&quot;:&quot;&quot;}\" style=\"cursor: pointer\" class=\"bdt-element-link elementor-element elementor-element-3420cb0 e-flex e-con-boxed elementor-invisible e-con e-child\" data-id=\"3420cb0\" data-element_type=\"container\" data-e-type=\"container\" data-settings=\"{&quot;background_background&quot;:&quot;classic&quot;,&quot;animation&quot;:&quot;slideInUp&quot;}\">\n\t\t\t\t\t<div class=\"e-con-inner\">\n\t\t\t\t<div class=\"elementor-element elementor-element-d24124f elementor-widget elementor-widget-heading\" data-id=\"d24124f\" data-element_type=\"widget\" data-e-type=\"widget\" data-widget_type=\"heading.default\">\n\t\t\t\t<div class=\"elementor-widget-container\">\n\t\t\t\t\t<h2 class=\"elementor-heading-title elementor-size-default\">5. Principios de la cooperaci\u00f3n entre educadores de EFP y alumnos de EFP<\/h2>\t\t\t\t<\/div>\n\t\t\t\t<\/div>\n\t\t\t\t\t<\/div>\n\t\t\t\t<\/div>\n\t\t<div data-ep-wrapper-link=\"{&quot;url&quot;:&quot;https:\\\/\\\/envetproject.eu\\\/es\\\/resultados-del-proyecto\\\/e-learning-platform\\\/module-6&quot;,&quot;is_external&quot;:&quot;&quot;,&quot;nofollow&quot;:&quot;&quot;,&quot;custom_attributes&quot;:&quot;&quot;}\" style=\"cursor: pointer\" class=\"bdt-element-link elementor-element elementor-element-5dfddee e-flex e-con-boxed elementor-invisible e-con e-child\" data-id=\"5dfddee\" data-element_type=\"container\" data-e-type=\"container\" data-settings=\"{&quot;background_background&quot;:&quot;classic&quot;,&quot;animation&quot;:&quot;slideInRight&quot;}\">\n\t\t\t\t\t<div class=\"e-con-inner\">\n\t\t\t\t<div class=\"elementor-element elementor-element-4a998fc elementor-widget elementor-widget-heading\" data-id=\"4a998fc\" data-element_type=\"widget\" data-e-type=\"widget\" data-widget_type=\"heading.default\">\n\t\t\t\t<div class=\"elementor-widget-container\">\n\t\t\t\t\t<h2 class=\"elementor-heading-title elementor-size-default\">6. Aspectos te\u00f3ricos y pr\u00e1cticos del aprendizaje en alternancia<\/h2>\t\t\t\t<\/div>\n\t\t\t\t<\/div>\n\t\t\t\t\t<\/div>\n\t\t\t\t<\/div>\n\t\t\t\t\t<\/div>\n\t\t\t\t<\/div>\n\t\t\t\t<div class=\"elementor-element elementor-element-e9d7f14 elementor-button-info elementor-align-center elementor-invisible elementor-widget elementor-widget-button\" data-id=\"e9d7f14\" data-element_type=\"widget\" data-e-type=\"widget\" data-settings=\"{&quot;_animation&quot;:&quot;slideInUp&quot;}\" data-widget_type=\"button.default\">\n\t\t\t\t<div class=\"elementor-widget-container\">\n\t\t\t\t\t\t\t\t\t<div class=\"elementor-button-wrapper\">\n\t\t\t\t\t<a class=\"elementor-button elementor-button-link elementor-size-sm\" href=\"https:\/\/envetproject.eu\/docs\/es\/e-platform_ES.pdf\">\n\t\t\t\t\t\t<span class=\"elementor-button-content-wrapper\">\n\t\t\t\t\t\t\t\t\t<span class=\"elementor-button-text\">Descargar Curso<\/span>\n\t\t\t\t\t<\/span>\n\t\t\t\t\t<\/a>\n\t\t\t\t<\/div>\n\t\t\t\t\t\t\t\t<\/div>\n\t\t\t\t<\/div>\n\t\t\t\t\t<\/div>\n\t\t\t\t<\/div>\n\t\t\t\t<\/div>\n\t\t","protected":false},"excerpt":{"rendered":"<p>1. Oportunidades para el desarrollo profesional de los educadores de EFP 2. Habilidades y competencias de los educadores de EFP necesarias para la sociedad reconfigurada 3. Herramientas y m\u00e9todos para la ense\u00f1anza en un entorno digital 4. Aprendizaje basado en el trabajo en un entorno digital 5. Principios de la cooperaci\u00f3n entre educadores de EFP [&hellip;]<\/p>\n","protected":false},"author":2,"featured_media":0,"parent":2972,"menu_order":0,"comment_status":"closed","ping_status":"closed","template":"elementor_header_footer","meta":{"footnotes":""},"class_list":["post-3619","page","type-page","status-publish","hentry"],"_links":{"self":[{"href":"https:\/\/envetproject.eu\/es\/wp-json\/wp\/v2\/pages\/3619","targetHints":{"allow":["GET"]}}],"collection":[{"href":"https:\/\/envetproject.eu\/es\/wp-json\/wp\/v2\/pages"}],"about":[{"href":"https:\/\/envetproject.eu\/es\/wp-json\/wp\/v2\/types\/page"}],"author":[{"embeddable":true,"href":"https:\/\/envetproject.eu\/es\/wp-json\/wp\/v2\/users\/2"}],"replies":[{"embeddable":true,"href":"https:\/\/envetproject.eu\/es\/wp-json\/wp\/v2\/comments?post=3619"}],"version-history":[{"count":30,"href":"https:\/\/envetproject.eu\/es\/wp-json\/wp\/v2\/pages\/3619\/revisions"}],"predecessor-version":[{"id":5056,"href":"https:\/\/envetproject.eu\/es\/wp-json\/wp\/v2\/pages\/3619\/revisions\/5056"}],"up":[{"embeddable":true,"href":"https:\/\/envetproject.eu\/es\/wp-json\/wp\/v2\/pages\/2972"}],"wp:attachment":[{"href":"https:\/\/envetproject.eu\/es\/wp-json\/wp\/v2\/media?parent=3619"}],"curies":[{"name":"wp","href":"https:\/\/api.w.org\/{rel}","templated":true}]}}